{"id":8451,"date":"2016-04-20T10:53:28","date_gmt":"2016-04-20T08:53:28","guid":{"rendered":"https:\/\/www.captourist.com\/?page_id=8451"},"modified":"2019-08-03T14:47:06","modified_gmt":"2019-08-03T12:47:06","slug":"destinos","status":"publish","type":"page","link":"https:\/\/www.captourist.com\/es\/destinos\/","title":{"rendered":"Destinos"},"content":{"rendered":"<p>[vc_row][vc_column][\/vc_column][\/vc_row][vc_row][vc_column width=\u00bb1\/6&#8243;][\/vc_column][vc_column width=\u00bb2\/3&#8243;]<div class=\"mkdf-elements-holder mkdf-responsive-mode-768\" ><div class=\"mkdf-eh-item mkdf-horizontal-alignment-center\"   data-item-class=\"mkdf-eh-custom-438810\">\n\t<div class=\"mkdf-eh-item-inner\">\n\t\t<div class=\"mkdf-eh-item-content mkdf-eh-custom-438810\" >\n\t\t\t[vc_column_text css_animation=\u00bbfadeInDown\u00bb]<\/p>\n<h1 class=\"text-align-center\" style=\"text-align: center;\">Contrata un fot\u00f3grafo profesional para tu viaje<\/h1>\n<h2 style=\"text-align: center;\">Selecciona tu destino y elije tu fot\u00f3grafo de viaje.<\/h2>\n<p style=\"text-align: center;\"><a href=\"https:\/\/www.captourist.com\">Captourist<\/a>\u00a0es una nueva forma de viajar de la mano de un fot\u00f3grafo de viaje. Te conectamos con fot\u00f3grafos profesionales de todo el mundo. Te mostrar\u00e1n gemas ocultas y lugares incre\u00edbles en la ciudad donde viven. Nuestros fot\u00f3grafos profesionales capturar\u00e1n tus momentos m\u00e1gicos en ese viaje tan especial.<\/p>\n<p style=\"text-align: center;\">Divi\u00e9rtete mientras nuestro fot\u00f3grafo local captura fotos naturales de los mejores momentos de tu recorrido. Elije uno de nuestros destinos y atesora esos peque\u00f1os instantes que hacen \u00fanico la experiencia de viajar.<\/p>\n<hr style=\"border-top: #fafafa; widht: 50%;\" \/>\n<h5 style=\"text-align: center;\"><\/h5>\n<h5 style=\"text-align: center;\">\u00bfNo encuentras tu ciudad?<\/h5>\n<p style=\"text-align: center;\"><a href=\"https:\/\/www.captourist.com\/es\/destinations\/request-a-city\/\">Solicita un destino<\/a> y nosotros encontraremos un fot\u00f3grafo professional para ti.<\/p>\n<p>[\/vc_column_text]\t\t<\/div>\n\t<\/div>\n<\/div><\/div>[\/vc_column][vc_column width=\u00bb1\/6&#8243;][\/vc_column][\/vc_row][vc_row][vc_column][vc_empty_space]<div class=\"mkdf-tours-destination-grid\">\n\t\t\t<div class=\"mkdf-grid-row\">\n\t\t\t\t\t\t\t\n\t\t\t\t\t\t\t\t\t<div class=\"mkdf-grid-col-3 mkdf-grid-col-ipad-landscape-6 mkdf-grid-col-phone-landscape-12 mkdf-tours-destination-grid-item post-8142 destinations type-destinations status-publish has-post-thumbnail hentry\">\n\t\t\t\t\t\t<div class=\"mkdf-tours-destination-item-holder\">\n\t\t\t\t\t\t\t<a href=\"https:\/\/www.captourist.com\/es\/destinations\/verona\/\">\n\t\t\t\t\t\t\t\t<div class=\"mkdf-tours-destination-item-image\">\n\t\t\t\t\t\t\t\t\t<img loading=\"lazy\" decoding=\"async\" width=\"600\" height=\"525\" src=\"https:\/\/www.captourist.com\/wp-content\/uploads\/2016\/04\/Verona-Destination.jpg\" class=\"attachment-full size-full wp-post-image\" alt=\"Reserva un fot\u00f3grafo local en Verona\" srcset=\"https:\/\/www.captourist.com\/wp-content\/uploads\/2016\/04\/Verona-Destination.jpg 600w, https:\/\/www.captourist.com\/wp-content\/uploads\/2016\/04\/Verona-Destination-300x263.jpg 300w\" sizes=\"(max-width: 600px) 100vw, 600px\" \/>\t\t\t\t\t\t\t\t<\/div>\n\n\t\t\t\t\t\t\t\t<div class=\"mkdf-tours-destination-item-content\">\n\t\t\t\t\t\t\t\t\t<div class=\"mkdf-tours-destination-item-content-inner\">\n\t\t\t\t\t\t\t\t\t\t<h3 class=\"mkdf-tours-destination-item-title\">Verona<\/h3>\n\t\t\t\t\t\t\t\t\t<\/div>\n\t\t\t\t\t\t\t\t<\/div>\n\t\t\t\t\t\t\t<\/a>\n\t\t\t\t\t\t<\/div>\n\t\t\t\t\t<\/div>\n\t\t\t\t\t\t\t\t\t\t\t\n\t\t\t\t\t\t\t\t\t<div class=\"mkdf-grid-col-3 mkdf-grid-col-ipad-landscape-6 mkdf-grid-col-phone-landscape-12 mkdf-tours-destination-grid-item post-9135 destinations type-destinations status-publish has-post-thumbnail hentry\">\n\t\t\t\t\t\t<div class=\"mkdf-tours-destination-item-holder\">\n\t\t\t\t\t\t\t<a href=\"https:\/\/www.captourist.com\/es\/destinations\/singapur\/\">\n\t\t\t\t\t\t\t\t<div class=\"mkdf-tours-destination-item-image\">\n\t\t\t\t\t\t\t\t\t<img loading=\"lazy\" decoding=\"async\" width=\"600\" height=\"525\" src=\"https:\/\/www.captourist.com\/wp-content\/uploads\/2018\/10\/Singapore.jpg\" class=\"attachment-full size-full wp-post-image\" alt=\"Book-vacation-photographer-Singapore\" srcset=\"https:\/\/www.captourist.com\/wp-content\/uploads\/2018\/10\/Singapore.jpg 600w, https:\/\/www.captourist.com\/wp-content\/uploads\/2018\/10\/Singapore-300x263.jpg 300w\" sizes=\"(max-width: 600px) 100vw, 600px\" \/>\t\t\t\t\t\t\t\t<\/div>\n\n\t\t\t\t\t\t\t\t<div class=\"mkdf-tours-destination-item-content\">\n\t\t\t\t\t\t\t\t\t<div class=\"mkdf-tours-destination-item-content-inner\">\n\t\t\t\t\t\t\t\t\t\t<h3 class=\"mkdf-tours-destination-item-title\">Singapur<\/h3>\n\t\t\t\t\t\t\t\t\t<\/div>\n\t\t\t\t\t\t\t\t<\/div>\n\t\t\t\t\t\t\t<\/a>\n\t\t\t\t\t\t<\/div>\n\t\t\t\t\t<\/div>\n\t\t\t\t\t\t\t\t\t\t\t\n\t\t\t\t\t\t\t\t\t<div class=\"mkdf-grid-col-3 mkdf-grid-col-ipad-landscape-6 mkdf-grid-col-phone-landscape-12 mkdf-tours-destination-grid-item post-9344 destinations type-destinations status-publish has-post-thumbnail hentry\">\n\t\t\t\t\t\t<div class=\"mkdf-tours-destination-item-holder\">\n\t\t\t\t\t\t\t<a href=\"https:\/\/www.captourist.com\/es\/destinations\/seul\/\">\n\t\t\t\t\t\t\t\t<div class=\"mkdf-tours-destination-item-image\">\n\t\t\t\t\t\t\t\t\t<img loading=\"lazy\" decoding=\"async\" width=\"600\" height=\"525\" src=\"https:\/\/www.captourist.com\/wp-content\/uploads\/2019\/03\/Seoul-.jpg\" class=\"attachment-full size-full wp-post-image\" alt=\"Reserva-fotografo-local-Se\u00fal\" srcset=\"https:\/\/www.captourist.com\/wp-content\/uploads\/2019\/03\/Seoul-.jpg 600w, https:\/\/www.captourist.com\/wp-content\/uploads\/2019\/03\/Seoul--300x263.jpg 300w\" sizes=\"(max-width: 600px) 100vw, 600px\" \/>\t\t\t\t\t\t\t\t<\/div>\n\n\t\t\t\t\t\t\t\t<div class=\"mkdf-tours-destination-item-content\">\n\t\t\t\t\t\t\t\t\t<div class=\"mkdf-tours-destination-item-content-inner\">\n\t\t\t\t\t\t\t\t\t\t<h3 class=\"mkdf-tours-destination-item-title\">Se\u00fal<\/h3>\n\t\t\t\t\t\t\t\t\t<\/div>\n\t\t\t\t\t\t\t\t<\/div>\n\t\t\t\t\t\t\t<\/a>\n\t\t\t\t\t\t<\/div>\n\t\t\t\t\t<\/div>\n\t\t\t\t\t\t\t\t\t\t\t\n\t\t\t\t\t\t\t\t\t<div class=\"mkdf-grid-col-3 mkdf-grid-col-ipad-landscape-6 mkdf-grid-col-phone-landscape-12 mkdf-tours-destination-grid-item post-9391 destinations type-destinations status-publish has-post-thumbnail hentry\">\n\t\t\t\t\t\t<div class=\"mkdf-tours-destination-item-holder\">\n\t\t\t\t\t\t\t<a href=\"https:\/\/www.captourist.com\/es\/destinations\/hong-kong\/\">\n\t\t\t\t\t\t\t\t<div class=\"mkdf-tours-destination-item-image\">\n\t\t\t\t\t\t\t\t\t<img loading=\"lazy\" decoding=\"async\" width=\"600\" height=\"525\" src=\"https:\/\/www.captourist.com\/wp-content\/uploads\/2019\/03\/Hong-Kong.jpg\" class=\"attachment-full size-full wp-post-image\" alt=\"Reserva-fot\u00f3grafo-local-Hong-Kong\" srcset=\"https:\/\/www.captourist.com\/wp-content\/uploads\/2019\/03\/Hong-Kong.jpg 600w, https:\/\/www.captourist.com\/wp-content\/uploads\/2019\/03\/Hong-Kong-300x263.jpg 300w\" sizes=\"(max-width: 600px) 100vw, 600px\" \/>\t\t\t\t\t\t\t\t<\/div>\n\n\t\t\t\t\t\t\t\t<div class=\"mkdf-tours-destination-item-content\">\n\t\t\t\t\t\t\t\t\t<div class=\"mkdf-tours-destination-item-content-inner\">\n\t\t\t\t\t\t\t\t\t\t<h3 class=\"mkdf-tours-destination-item-title\">Hong Kong<\/h3>\n\t\t\t\t\t\t\t\t\t<\/div>\n\t\t\t\t\t\t\t\t<\/div>\n\t\t\t\t\t\t\t<\/a>\n\t\t\t\t\t\t<\/div>\n\t\t\t\t\t<\/div>\n\t\t\t\t\t\t\t\t\t\t\t\n\t\t\t\t\t\t\t\t\t<div class=\"mkdf-grid-col-3 mkdf-grid-col-ipad-landscape-6 mkdf-grid-col-phone-landscape-12 mkdf-tours-destination-grid-item post-9418 destinations type-destinations status-publish has-post-thumbnail hentry\">\n\t\t\t\t\t\t<div class=\"mkdf-tours-destination-item-holder\">\n\t\t\t\t\t\t\t<a href=\"https:\/\/www.captourist.com\/es\/destinations\/johannesburgo\/\">\n\t\t\t\t\t\t\t\t<div class=\"mkdf-tours-destination-item-image\">\n\t\t\t\t\t\t\t\t\t<img loading=\"lazy\" decoding=\"async\" width=\"600\" height=\"525\" src=\"https:\/\/www.captourist.com\/wp-content\/uploads\/2019\/03\/Johannesburg-portada.jpg\" class=\"attachment-full size-full wp-post-image\" alt=\"Reserva-photographer-local-Johannesburg\" srcset=\"https:\/\/www.captourist.com\/wp-content\/uploads\/2019\/03\/Johannesburg-portada.jpg 600w, https:\/\/www.captourist.com\/wp-content\/uploads\/2019\/03\/Johannesburg-portada-300x263.jpg 300w\" sizes=\"(max-width: 600px) 100vw, 600px\" \/>\t\t\t\t\t\t\t\t<\/div>\n\n\t\t\t\t\t\t\t\t<div class=\"mkdf-tours-destination-item-content\">\n\t\t\t\t\t\t\t\t\t<div class=\"mkdf-tours-destination-item-content-inner\">\n\t\t\t\t\t\t\t\t\t\t<h3 class=\"mkdf-tours-destination-item-title\">Johannesburgo<\/h3>\n\t\t\t\t\t\t\t\t\t<\/div>\n\t\t\t\t\t\t\t\t<\/div>\n\t\t\t\t\t\t\t<\/a>\n\t\t\t\t\t\t<\/div>\n\t\t\t\t\t<\/div>\n\t\t\t\t\t\t\t\t\t\t\t\n\t\t\t\t\t\t\t\t\t<div class=\"mkdf-grid-col-3 mkdf-grid-col-ipad-landscape-6 mkdf-grid-col-phone-landscape-12 mkdf-tours-destination-grid-item post-9533 destinations type-destinations status-publish has-post-thumbnail hentry\">\n\t\t\t\t\t\t<div class=\"mkdf-tours-destination-item-holder\">\n\t\t\t\t\t\t\t<a href=\"https:\/\/www.captourist.com\/es\/destinations\/londres\/\">\n\t\t\t\t\t\t\t\t<div class=\"mkdf-tours-destination-item-image\">\n\t\t\t\t\t\t\t\t\t<img loading=\"lazy\" decoding=\"async\" width=\"600\" height=\"525\" src=\"https:\/\/www.captourist.com\/wp-content\/uploads\/2019\/03\/London.jpg\" class=\"attachment-full size-full wp-post-image\" alt=\"Reserva-un-fot\u00f3grafo-local-Londres\" srcset=\"https:\/\/www.captourist.com\/wp-content\/uploads\/2019\/03\/London.jpg 600w, https:\/\/www.captourist.com\/wp-content\/uploads\/2019\/03\/London-300x263.jpg 300w\" sizes=\"(max-width: 600px) 100vw, 600px\" \/>\t\t\t\t\t\t\t\t<\/div>\n\n\t\t\t\t\t\t\t\t<div class=\"mkdf-tours-destination-item-content\">\n\t\t\t\t\t\t\t\t\t<div class=\"mkdf-tours-destination-item-content-inner\">\n\t\t\t\t\t\t\t\t\t\t<h3 class=\"mkdf-tours-destination-item-title\">Londres<\/h3>\n\t\t\t\t\t\t\t\t\t<\/div>\n\t\t\t\t\t\t\t\t<\/div>\n\t\t\t\t\t\t\t<\/a>\n\t\t\t\t\t\t<\/div>\n\t\t\t\t\t<\/div>\n\t\t\t\t\t\t\t\t\t\t\t\n\t\t\t\t\t\t\t\t\t<div class=\"mkdf-grid-col-3 mkdf-grid-col-ipad-landscape-6 mkdf-grid-col-phone-landscape-12 mkdf-tours-destination-grid-item post-9665 destinations type-destinations status-publish has-post-thumbnail hentry\">\n\t\t\t\t\t\t<div class=\"mkdf-tours-destination-item-holder\">\n\t\t\t\t\t\t\t<a href=\"https:\/\/www.captourist.com\/es\/destinations\/fotografo-florencia\/\">\n\t\t\t\t\t\t\t\t<div class=\"mkdf-tours-destination-item-image\">\n\t\t\t\t\t\t\t\t\t<img loading=\"lazy\" decoding=\"async\" width=\"600\" height=\"525\" src=\"https:\/\/www.captourist.com\/wp-content\/uploads\/2019\/03\/Florence-destination.jpg\" class=\"attachment-full size-full wp-post-image\" alt=\"Florence-Book-professional-photographer\" srcset=\"https:\/\/www.captourist.com\/wp-content\/uploads\/2019\/03\/Florence-destination.jpg 600w, https:\/\/www.captourist.com\/wp-content\/uploads\/2019\/03\/Florence-destination-300x263.jpg 300w\" sizes=\"(max-width: 600px) 100vw, 600px\" \/>\t\t\t\t\t\t\t\t<\/div>\n\n\t\t\t\t\t\t\t\t<div class=\"mkdf-tours-destination-item-content\">\n\t\t\t\t\t\t\t\t\t<div class=\"mkdf-tours-destination-item-content-inner\">\n\t\t\t\t\t\t\t\t\t\t<h3 class=\"mkdf-tours-destination-item-title\">Florencia<\/h3>\n\t\t\t\t\t\t\t\t\t<\/div>\n\t\t\t\t\t\t\t\t<\/div>\n\t\t\t\t\t\t\t<\/a>\n\t\t\t\t\t\t<\/div>\n\t\t\t\t\t<\/div>\n\t\t\t\t\t\t\t\t\t\t\t\n\t\t\t\t\t\t\t\t\t<div class=\"mkdf-grid-col-3 mkdf-grid-col-ipad-landscape-6 mkdf-grid-col-phone-landscape-12 mkdf-tours-destination-grid-item post-9753 destinations type-destinations status-publish has-post-thumbnail hentry\">\n\t\t\t\t\t\t<div class=\"mkdf-tours-destination-item-holder\">\n\t\t\t\t\t\t\t<a href=\"https:\/\/www.captourist.com\/es\/destinations\/fotografo-profesional-valencia\/\">\n\t\t\t\t\t\t\t\t<div class=\"mkdf-tours-destination-item-image\">\n\t\t\t\t\t\t\t\t\t<img loading=\"lazy\" decoding=\"async\" width=\"600\" height=\"525\" src=\"https:\/\/www.captourist.com\/wp-content\/uploads\/2019\/04\/Valencia-photographer-hire-a-photoshoot-1.jpg\" class=\"attachment-full size-full wp-post-image\" alt=\"reserva-fotografo-profesional-valencia\" srcset=\"https:\/\/www.captourist.com\/wp-content\/uploads\/2019\/04\/Valencia-photographer-hire-a-photoshoot-1.jpg 600w, https:\/\/www.captourist.com\/wp-content\/uploads\/2019\/04\/Valencia-photographer-hire-a-photoshoot-1-300x263.jpg 300w\" sizes=\"(max-width: 600px) 100vw, 600px\" \/>\t\t\t\t\t\t\t\t<\/div>\n\n\t\t\t\t\t\t\t\t<div class=\"mkdf-tours-destination-item-content\">\n\t\t\t\t\t\t\t\t\t<div class=\"mkdf-tours-destination-item-content-inner\">\n\t\t\t\t\t\t\t\t\t\t<h3 class=\"mkdf-tours-destination-item-title\">Valencia<\/h3>\n\t\t\t\t\t\t\t\t\t<\/div>\n\t\t\t\t\t\t\t\t<\/div>\n\t\t\t\t\t\t\t<\/a>\n\t\t\t\t\t\t<\/div>\n\t\t\t\t\t<\/div>\n\t\t\t\t\t\t\t\t\t\t\t\n\t\t\t\t\t\t\t\t\t<div class=\"mkdf-grid-col-3 mkdf-grid-col-ipad-landscape-6 mkdf-grid-col-phone-landscape-12 mkdf-tours-destination-grid-item post-10233 destinations type-destinations status-publish has-post-thumbnail hentry\">\n\t\t\t\t\t\t<div class=\"mkdf-tours-destination-item-holder\">\n\t\t\t\t\t\t\t<a href=\"https:\/\/www.captourist.com\/es\/destinations\/fotografo-profesional-biarritz\/\">\n\t\t\t\t\t\t\t\t<div class=\"mkdf-tours-destination-item-image\">\n\t\t\t\t\t\t\t\t\t<img loading=\"lazy\" decoding=\"async\" width=\"600\" height=\"525\" src=\"https:\/\/www.captourist.com\/wp-content\/uploads\/2019\/04\/Biarritz-hire-professional-photographer-photoshoot.jpg\" class=\"attachment-full size-full wp-post-image\" alt=\"Reserva-fotografo-profesional-Biarritz\" srcset=\"https:\/\/www.captourist.com\/wp-content\/uploads\/2019\/04\/Biarritz-hire-professional-photographer-photoshoot.jpg 600w, https:\/\/www.captourist.com\/wp-content\/uploads\/2019\/04\/Biarritz-hire-professional-photographer-photoshoot-300x263.jpg 300w\" sizes=\"(max-width: 600px) 100vw, 600px\" \/>\t\t\t\t\t\t\t\t<\/div>\n\n\t\t\t\t\t\t\t\t<div class=\"mkdf-tours-destination-item-content\">\n\t\t\t\t\t\t\t\t\t<div class=\"mkdf-tours-destination-item-content-inner\">\n\t\t\t\t\t\t\t\t\t\t<h3 class=\"mkdf-tours-destination-item-title\">Biarritz<\/h3>\n\t\t\t\t\t\t\t\t\t<\/div>\n\t\t\t\t\t\t\t\t<\/div>\n\t\t\t\t\t\t\t<\/a>\n\t\t\t\t\t\t<\/div>\n\t\t\t\t\t<\/div>\n\t\t\t\t\t\t\t\t\t\t\t\n\t\t\t\t\t\t\t\t\t<div class=\"mkdf-grid-col-3 mkdf-grid-col-ipad-landscape-6 mkdf-grid-col-phone-landscape-12 mkdf-tours-destination-grid-item post-10282 destinations type-destinations status-publish has-post-thumbnail hentry\">\n\t\t\t\t\t\t<div class=\"mkdf-tours-destination-item-holder\">\n\t\t\t\t\t\t\t<a href=\"https:\/\/www.captourist.com\/es\/destinations\/fotografo-profesional-saigon\/\">\n\t\t\t\t\t\t\t\t<div class=\"mkdf-tours-destination-item-image\">\n\t\t\t\t\t\t\t\t\t<img loading=\"lazy\" decoding=\"async\" width=\"600\" height=\"525\" src=\"https:\/\/www.captourist.com\/wp-content\/uploads\/2019\/06\/Ho-Chi-Minh-City.jpg\" class=\"attachment-full size-full wp-post-image\" alt=\"Reserva-fotografo-profesional-Saigon\" srcset=\"https:\/\/www.captourist.com\/wp-content\/uploads\/2019\/06\/Ho-Chi-Minh-City.jpg 600w, https:\/\/www.captourist.com\/wp-content\/uploads\/2019\/06\/Ho-Chi-Minh-City-300x263.jpg 300w\" sizes=\"(max-width: 600px) 100vw, 600px\" \/>\t\t\t\t\t\t\t\t<\/div>\n\n\t\t\t\t\t\t\t\t<div class=\"mkdf-tours-destination-item-content\">\n\t\t\t\t\t\t\t\t\t<div class=\"mkdf-tours-destination-item-content-inner\">\n\t\t\t\t\t\t\t\t\t\t<h3 class=\"mkdf-tours-destination-item-title\">Saigon<\/h3>\n\t\t\t\t\t\t\t\t\t<\/div>\n\t\t\t\t\t\t\t\t<\/div>\n\t\t\t\t\t\t\t<\/a>\n\t\t\t\t\t\t<\/div>\n\t\t\t\t\t<\/div>\n\t\t\t\t\t\t\t\t\t\t\t\n\t\t\t\t\t\t\t\t\t<div class=\"mkdf-grid-col-3 mkdf-grid-col-ipad-landscape-6 mkdf-grid-col-phone-landscape-12 mkdf-tours-destination-grid-item post-10422 destinations type-destinations status-publish has-post-thumbnail hentry\">\n\t\t\t\t\t\t<div class=\"mkdf-tours-destination-item-holder\">\n\t\t\t\t\t\t\t<a href=\"https:\/\/www.captourist.com\/es\/destinations\/marrakesh\/\">\n\t\t\t\t\t\t\t\t<div class=\"mkdf-tours-destination-item-image\">\n\t\t\t\t\t\t\t\t\t<img loading=\"lazy\" decoding=\"async\" width=\"600\" height=\"525\" src=\"https:\/\/www.captourist.com\/wp-content\/uploads\/2019\/07\/Marrakesh-portada.jpg\" class=\"attachment-full size-full wp-post-image\" alt=\"Reserva-un-fot\u00f3grafo-local-Marrakesh\" srcset=\"https:\/\/www.captourist.com\/wp-content\/uploads\/2019\/07\/Marrakesh-portada.jpg 600w, https:\/\/www.captourist.com\/wp-content\/uploads\/2019\/07\/Marrakesh-portada-300x263.jpg 300w\" sizes=\"(max-width: 600px) 100vw, 600px\" \/>\t\t\t\t\t\t\t\t<\/div>\n\n\t\t\t\t\t\t\t\t<div class=\"mkdf-tours-destination-item-content\">\n\t\t\t\t\t\t\t\t\t<div class=\"mkdf-tours-destination-item-content-inner\">\n\t\t\t\t\t\t\t\t\t\t<h3 class=\"mkdf-tours-destination-item-title\">Marrakesh<\/h3>\n\t\t\t\t\t\t\t\t\t<\/div>\n\t\t\t\t\t\t\t\t<\/div>\n\t\t\t\t\t\t\t<\/a>\n\t\t\t\t\t\t<\/div>\n\t\t\t\t\t<\/div>\n\t\t\t\t\t\t\t\t\t\t\t\n\t\t\t\t\t\t\t\t\t<div class=\"mkdf-grid-col-3 mkdf-grid-col-ipad-landscape-6 mkdf-grid-col-phone-landscape-12 mkdf-tours-destination-grid-item post-10758 destinations type-destinations status-publish has-post-thumbnail hentry\">\n\t\t\t\t\t\t<div class=\"mkdf-tours-destination-item-holder\">\n\t\t\t\t\t\t\t<a href=\"https:\/\/www.captourist.com\/es\/destinations\/roma\/\">\n\t\t\t\t\t\t\t\t<div class=\"mkdf-tours-destination-item-image\">\n\t\t\t\t\t\t\t\t\t<img loading=\"lazy\" decoding=\"async\" width=\"500\" height=\"438\" src=\"https:\/\/www.captourist.com\/wp-content\/uploads\/2019\/07\/Rome-destino.jpg\" class=\"attachment-full size-full wp-post-image\" alt=\"Reserva-un-fot\u00f3grafo-local-Roma\" srcset=\"https:\/\/www.captourist.com\/wp-content\/uploads\/2019\/07\/Rome-destino.jpg 500w, https:\/\/www.captourist.com\/wp-content\/uploads\/2019\/07\/Rome-destino-300x263.jpg 300w\" sizes=\"(max-width: 500px) 100vw, 500px\" \/>\t\t\t\t\t\t\t\t<\/div>\n\n\t\t\t\t\t\t\t\t<div class=\"mkdf-tours-destination-item-content\">\n\t\t\t\t\t\t\t\t\t<div class=\"mkdf-tours-destination-item-content-inner\">\n\t\t\t\t\t\t\t\t\t\t<h3 class=\"mkdf-tours-destination-item-title\">Roma<\/h3>\n\t\t\t\t\t\t\t\t\t<\/div>\n\t\t\t\t\t\t\t\t<\/div>\n\t\t\t\t\t\t\t<\/a>\n\t\t\t\t\t\t<\/div>\n\t\t\t\t\t<\/div>\n\t\t\t\t\t\t\t\t\t\t\t\n\t\t\t\t\t\t\t\t\t<div class=\"mkdf-grid-col-3 mkdf-grid-col-ipad-landscape-6 mkdf-grid-col-phone-landscape-12 mkdf-tours-destination-grid-item post-10762 destinations type-destinations status-publish has-post-thumbnail hentry\">\n\t\t\t\t\t\t<div class=\"mkdf-tours-destination-item-holder\">\n\t\t\t\t\t\t\t<a href=\"https:\/\/www.captourist.com\/es\/destinations\/estambul\/\">\n\t\t\t\t\t\t\t\t<div class=\"mkdf-tours-destination-item-image\">\n\t\t\t\t\t\t\t\t\t<img loading=\"lazy\" decoding=\"async\" width=\"500\" height=\"438\" src=\"https:\/\/www.captourist.com\/wp-content\/uploads\/2019\/07\/Istanbul-destino.jpg\" class=\"attachment-full size-full wp-post-image\" alt=\"Reserva-un-fot\u00f3grafo-local-Estambul\" srcset=\"https:\/\/www.captourist.com\/wp-content\/uploads\/2019\/07\/Istanbul-destino.jpg 500w, https:\/\/www.captourist.com\/wp-content\/uploads\/2019\/07\/Istanbul-destino-300x263.jpg 300w\" sizes=\"(max-width: 500px) 100vw, 500px\" \/>\t\t\t\t\t\t\t\t<\/div>\n\n\t\t\t\t\t\t\t\t<div class=\"mkdf-tours-destination-item-content\">\n\t\t\t\t\t\t\t\t\t<div class=\"mkdf-tours-destination-item-content-inner\">\n\t\t\t\t\t\t\t\t\t\t<h3 class=\"mkdf-tours-destination-item-title\">Estambul<\/h3>\n\t\t\t\t\t\t\t\t\t<\/div>\n\t\t\t\t\t\t\t\t<\/div>\n\t\t\t\t\t\t\t<\/a>\n\t\t\t\t\t\t<\/div>\n\t\t\t\t\t<\/div>\n\t\t\t\t\t\t\t\t\t\t\t\n\t\t\t\t\t\t\t\t\t<div class=\"mkdf-grid-col-3 mkdf-grid-col-ipad-landscape-6 mkdf-grid-col-phone-landscape-12 mkdf-tours-destination-grid-item post-10766 destinations type-destinations status-publish has-post-thumbnail hentry\">\n\t\t\t\t\t\t<div class=\"mkdf-tours-destination-item-holder\">\n\t\t\t\t\t\t\t<a href=\"https:\/\/www.captourist.com\/es\/destinations\/los-angeles\/\">\n\t\t\t\t\t\t\t\t<div class=\"mkdf-tours-destination-item-image\">\n\t\t\t\t\t\t\t\t\t<img loading=\"lazy\" decoding=\"async\" width=\"500\" height=\"438\" src=\"https:\/\/www.captourist.com\/wp-content\/uploads\/2019\/07\/Los-Angeles-destino.jpg\" class=\"attachment-full size-full wp-post-image\" alt=\"Reserva-un-fot\u00f3grafo-local-los-angeles\" srcset=\"https:\/\/www.captourist.com\/wp-content\/uploads\/2019\/07\/Los-Angeles-destino.jpg 500w, https:\/\/www.captourist.com\/wp-content\/uploads\/2019\/07\/Los-Angeles-destino-300x263.jpg 300w\" sizes=\"(max-width: 500px) 100vw, 500px\" \/>\t\t\t\t\t\t\t\t<\/div>\n\n\t\t\t\t\t\t\t\t<div class=\"mkdf-tours-destination-item-content\">\n\t\t\t\t\t\t\t\t\t<div class=\"mkdf-tours-destination-item-content-inner\">\n\t\t\t\t\t\t\t\t\t\t<h3 class=\"mkdf-tours-destination-item-title\">Los Angeles<\/h3>\n\t\t\t\t\t\t\t\t\t<\/div>\n\t\t\t\t\t\t\t\t<\/div>\n\t\t\t\t\t\t\t<\/a>\n\t\t\t\t\t\t<\/div>\n\t\t\t\t\t<\/div>\n\t\t\t\t\t\t\t\t\t\t\t\n\t\t\t\t\t\t\t\t\t<div class=\"mkdf-grid-col-3 mkdf-grid-col-ipad-landscape-6 mkdf-grid-col-phone-landscape-12 mkdf-tours-destination-grid-item post-11488 destinations type-destinations status-publish has-post-thumbnail hentry\">\n\t\t\t\t\t\t<div class=\"mkdf-tours-destination-item-holder\">\n\t\t\t\t\t\t\t<a href=\"https:\/\/www.captourist.com\/es\/destinations\/buenos-aires\/\">\n\t\t\t\t\t\t\t\t<div class=\"mkdf-tours-destination-item-image\">\n\t\t\t\t\t\t\t\t\t<img loading=\"lazy\" decoding=\"async\" width=\"500\" height=\"438\" src=\"https:\/\/www.captourist.com\/wp-content\/uploads\/2020\/04\/Buenos-Aires.jpg\" class=\"attachment-full size-full wp-post-image\" alt=\"\" srcset=\"https:\/\/www.captourist.com\/wp-content\/uploads\/2020\/04\/Buenos-Aires.jpg 500w, https:\/\/www.captourist.com\/wp-content\/uploads\/2020\/04\/Buenos-Aires-300x263.jpg 300w\" sizes=\"(max-width: 500px) 100vw, 500px\" \/>\t\t\t\t\t\t\t\t<\/div>\n\n\t\t\t\t\t\t\t\t<div class=\"mkdf-tours-destination-item-content\">\n\t\t\t\t\t\t\t\t\t<div class=\"mkdf-tours-destination-item-content-inner\">\n\t\t\t\t\t\t\t\t\t\t<h3 class=\"mkdf-tours-destination-item-title\">Buenos Aires<\/h3>\n\t\t\t\t\t\t\t\t\t<\/div>\n\t\t\t\t\t\t\t\t<\/div>\n\t\t\t\t\t\t\t<\/a>\n\t\t\t\t\t\t<\/div>\n\t\t\t\t\t<\/div>\n\t\t\t\t\t\t\t\t\t\t\t\n\t\t\t\t\t\t\t\t\t<div class=\"mkdf-grid-col-3 mkdf-grid-col-ipad-landscape-6 mkdf-grid-col-phone-landscape-12 mkdf-tours-destination-grid-item post-11525 destinations type-destinations status-publish has-post-thumbnail hentry\">\n\t\t\t\t\t\t<div class=\"mkdf-tours-destination-item-holder\">\n\t\t\t\t\t\t\t<a href=\"https:\/\/www.captourist.com\/es\/destinations\/playa-del-carmen\/\">\n\t\t\t\t\t\t\t\t<div class=\"mkdf-tours-destination-item-image\">\n\t\t\t\t\t\t\t\t\t<img loading=\"lazy\" decoding=\"async\" width=\"500\" height=\"438\" src=\"https:\/\/www.captourist.com\/wp-content\/uploads\/2020\/04\/Playa-del-carmen-photographer.jpg\" class=\"attachment-full size-full wp-post-image\" alt=\"\" srcset=\"https:\/\/www.captourist.com\/wp-content\/uploads\/2020\/04\/Playa-del-carmen-photographer.jpg 500w, https:\/\/www.captourist.com\/wp-content\/uploads\/2020\/04\/Playa-del-carmen-photographer-300x263.jpg 300w\" sizes=\"(max-width: 500px) 100vw, 500px\" \/>\t\t\t\t\t\t\t\t<\/div>\n\n\t\t\t\t\t\t\t\t<div class=\"mkdf-tours-destination-item-content\">\n\t\t\t\t\t\t\t\t\t<div class=\"mkdf-tours-destination-item-content-inner\">\n\t\t\t\t\t\t\t\t\t\t<h3 class=\"mkdf-tours-destination-item-title\">Playa del Carmen<\/h3>\n\t\t\t\t\t\t\t\t\t<\/div>\n\t\t\t\t\t\t\t\t<\/div>\n\t\t\t\t\t\t\t<\/a>\n\t\t\t\t\t\t<\/div>\n\t\t\t\t\t<\/div>\n\t\t\t\t\t\t\t\t\t\t\t\n\t\t\t\t\t\t\t\t\t<div class=\"mkdf-grid-col-3 mkdf-grid-col-ipad-landscape-6 mkdf-grid-col-phone-landscape-12 mkdf-tours-destination-grid-item post-11580 destinations type-destinations status-publish has-post-thumbnail hentry\">\n\t\t\t\t\t\t<div class=\"mkdf-tours-destination-item-holder\">\n\t\t\t\t\t\t\t<a href=\"https:\/\/www.captourist.com\/es\/destinations\/mauricio\/\">\n\t\t\t\t\t\t\t\t<div class=\"mkdf-tours-destination-item-image\">\n\t\t\t\t\t\t\t\t\t<img loading=\"lazy\" decoding=\"async\" width=\"500\" height=\"438\" src=\"https:\/\/www.captourist.com\/wp-content\/uploads\/2020\/04\/Mauritius-fotografo.jpg\" class=\"attachment-full size-full wp-post-image\" alt=\"\" srcset=\"https:\/\/www.captourist.com\/wp-content\/uploads\/2020\/04\/Mauritius-fotografo.jpg 500w, https:\/\/www.captourist.com\/wp-content\/uploads\/2020\/04\/Mauritius-fotografo-300x263.jpg 300w\" sizes=\"(max-width: 500px) 100vw, 500px\" \/>\t\t\t\t\t\t\t\t<\/div>\n\n\t\t\t\t\t\t\t\t<div class=\"mkdf-tours-destination-item-content\">\n\t\t\t\t\t\t\t\t\t<div class=\"mkdf-tours-destination-item-content-inner\">\n\t\t\t\t\t\t\t\t\t\t<h3 class=\"mkdf-tours-destination-item-title\">Mauricio<\/h3>\n\t\t\t\t\t\t\t\t\t<\/div>\n\t\t\t\t\t\t\t\t<\/div>\n\t\t\t\t\t\t\t<\/a>\n\t\t\t\t\t\t<\/div>\n\t\t\t\t\t<\/div>\n\t\t\t\t\t\t\t\t\t\t\t\n\t\t\t\t\t\t\t\t\t<div class=\"mkdf-grid-col-3 mkdf-grid-col-ipad-landscape-6 mkdf-grid-col-phone-landscape-12 mkdf-tours-destination-grid-item post-8145 destinations type-destinations status-publish has-post-thumbnail hentry\">\n\t\t\t\t\t\t<div class=\"mkdf-tours-destination-item-holder\">\n\t\t\t\t\t\t\t<a href=\"https:\/\/www.captourist.com\/es\/destinations\/barcelona\/\">\n\t\t\t\t\t\t\t\t<div class=\"mkdf-tours-destination-item-image\">\n\t\t\t\t\t\t\t\t\t<img loading=\"lazy\" decoding=\"async\" width=\"600\" height=\"525\" src=\"https:\/\/www.captourist.com\/wp-content\/uploads\/2016\/04\/BARCELONA.jpg\" class=\"attachment-full size-full wp-post-image\" alt=\"Reserva un fot\u00f3grafo local en Barcelona\" srcset=\"https:\/\/www.captourist.com\/wp-content\/uploads\/2016\/04\/BARCELONA.jpg 600w, https:\/\/www.captourist.com\/wp-content\/uploads\/2016\/04\/BARCELONA-300x263.jpg 300w\" sizes=\"(max-width: 600px) 100vw, 600px\" \/>\t\t\t\t\t\t\t\t<\/div>\n\n\t\t\t\t\t\t\t\t<div class=\"mkdf-tours-destination-item-content\">\n\t\t\t\t\t\t\t\t\t<div class=\"mkdf-tours-destination-item-content-inner\">\n\t\t\t\t\t\t\t\t\t\t<h3 class=\"mkdf-tours-destination-item-title\">Barcelona<\/h3>\n\t\t\t\t\t\t\t\t\t<\/div>\n\t\t\t\t\t\t\t\t<\/div>\n\t\t\t\t\t\t\t<\/a>\n\t\t\t\t\t\t<\/div>\n\t\t\t\t\t<\/div>\n\t\t\t\t\t\t\t\t\t\t\t\n\t\t\t\t\t\t\t\t\t<div class=\"mkdf-grid-col-3 mkdf-grid-col-ipad-landscape-6 mkdf-grid-col-phone-landscape-12 mkdf-tours-destination-grid-item post-8146 destinations type-destinations status-publish has-post-thumbnail hentry\">\n\t\t\t\t\t\t<div class=\"mkdf-tours-destination-item-holder\">\n\t\t\t\t\t\t\t<a href=\"https:\/\/www.captourist.com\/es\/destinations\/madrid\/\">\n\t\t\t\t\t\t\t\t<div class=\"mkdf-tours-destination-item-image\">\n\t\t\t\t\t\t\t\t\t<img loading=\"lazy\" decoding=\"async\" width=\"600\" height=\"525\" src=\"https:\/\/www.captourist.com\/wp-content\/uploads\/2016\/04\/PALACIO-REAL-MADRID.jpg\" class=\"attachment-full size-full wp-post-image\" alt=\"Reserva un fot\u00f3grafo local en Madrid\" srcset=\"https:\/\/www.captourist.com\/wp-content\/uploads\/2016\/04\/PALACIO-REAL-MADRID.jpg 600w, https:\/\/www.captourist.com\/wp-content\/uploads\/2016\/04\/PALACIO-REAL-MADRID-300x263.jpg 300w\" sizes=\"(max-width: 600px) 100vw, 600px\" \/>\t\t\t\t\t\t\t\t<\/div>\n\n\t\t\t\t\t\t\t\t<div class=\"mkdf-tours-destination-item-content\">\n\t\t\t\t\t\t\t\t\t<div class=\"mkdf-tours-destination-item-content-inner\">\n\t\t\t\t\t\t\t\t\t\t<h3 class=\"mkdf-tours-destination-item-title\">Madrid<\/h3>\n\t\t\t\t\t\t\t\t\t<\/div>\n\t\t\t\t\t\t\t\t<\/div>\n\t\t\t\t\t\t\t<\/a>\n\t\t\t\t\t\t<\/div>\n\t\t\t\t\t<\/div>\n\t\t\t\t\t\t\t\t\t\t\t\n\t\t\t\t\t\t\t\t\t<div class=\"mkdf-grid-col-3 mkdf-grid-col-ipad-landscape-6 mkdf-grid-col-phone-landscape-12 mkdf-tours-destination-grid-item post-8144 destinations type-destinations status-publish has-post-thumbnail hentry\">\n\t\t\t\t\t\t<div class=\"mkdf-tours-destination-item-holder\">\n\t\t\t\t\t\t\t<a href=\"https:\/\/www.captourist.com\/es\/destinations\/hire-professional-photographer-milan\/\">\n\t\t\t\t\t\t\t\t<div class=\"mkdf-tours-destination-item-image\">\n\t\t\t\t\t\t\t\t\t<img loading=\"lazy\" decoding=\"async\" width=\"600\" height=\"525\" src=\"https:\/\/www.captourist.com\/wp-content\/uploads\/2016\/04\/MILAN.jpg\" class=\"attachment-full size-full wp-post-image\" alt=\"Reserva un fot\u00f3grafo local en Milan\" srcset=\"https:\/\/www.captourist.com\/wp-content\/uploads\/2016\/04\/MILAN.jpg 600w, https:\/\/www.captourist.com\/wp-content\/uploads\/2016\/04\/MILAN-300x263.jpg 300w\" sizes=\"(max-width: 600px) 100vw, 600px\" \/>\t\t\t\t\t\t\t\t<\/div>\n\n\t\t\t\t\t\t\t\t<div class=\"mkdf-tours-destination-item-content\">\n\t\t\t\t\t\t\t\t\t<div class=\"mkdf-tours-destination-item-content-inner\">\n\t\t\t\t\t\t\t\t\t\t<h3 class=\"mkdf-tours-destination-item-title\">Milan<\/h3>\n\t\t\t\t\t\t\t\t\t<\/div>\n\t\t\t\t\t\t\t\t<\/div>\n\t\t\t\t\t\t\t<\/a>\n\t\t\t\t\t\t<\/div>\n\t\t\t\t\t<\/div>\n\t\t\t\t\t\t\t\t\t\t\t\n\t\t\t\t\t\t\t\t\t<div class=\"mkdf-grid-col-3 mkdf-grid-col-ipad-landscape-6 mkdf-grid-col-phone-landscape-12 mkdf-tours-destination-grid-item post-8147 destinations type-destinations status-publish has-post-thumbnail hentry\">\n\t\t\t\t\t\t<div class=\"mkdf-tours-destination-item-holder\">\n\t\t\t\t\t\t\t<a href=\"https:\/\/www.captourist.com\/es\/destinations\/paris\/\">\n\t\t\t\t\t\t\t\t<div class=\"mkdf-tours-destination-item-image\">\n\t\t\t\t\t\t\t\t\t<img loading=\"lazy\" decoding=\"async\" width=\"600\" height=\"525\" src=\"https:\/\/www.captourist.com\/wp-content\/uploads\/2016\/04\/PARIS.jpg\" class=\"attachment-full size-full wp-post-image\" alt=\"Reserva tu fot\u00f3grafo local en Paris\" srcset=\"https:\/\/www.captourist.com\/wp-content\/uploads\/2016\/04\/PARIS.jpg 600w, https:\/\/www.captourist.com\/wp-content\/uploads\/2016\/04\/PARIS-300x263.jpg 300w\" sizes=\"(max-width: 600px) 100vw, 600px\" \/>\t\t\t\t\t\t\t\t<\/div>\n\n\t\t\t\t\t\t\t\t<div class=\"mkdf-tours-destination-item-content\">\n\t\t\t\t\t\t\t\t\t<div class=\"mkdf-tours-destination-item-content-inner\">\n\t\t\t\t\t\t\t\t\t\t<h3 class=\"mkdf-tours-destination-item-title\">Paris<\/h3>\n\t\t\t\t\t\t\t\t\t<\/div>\n\t\t\t\t\t\t\t\t<\/div>\n\t\t\t\t\t\t\t<\/a>\n\t\t\t\t\t\t<\/div>\n\t\t\t\t\t<\/div>\n\t\t\t\t\t\t\t\t\t\t\t\n\t\t\t\t\t\t\t\t\t<div class=\"mkdf-grid-col-3 mkdf-grid-col-ipad-landscape-6 mkdf-grid-col-phone-landscape-12 mkdf-tours-destination-grid-item post-9172 destinations type-destinations status-publish has-post-thumbnail hentry\">\n\t\t\t\t\t\t<div class=\"mkdf-tours-destination-item-holder\">\n\t\t\t\t\t\t\t<a href=\"https:\/\/www.captourist.com\/es\/destinations\/reserva-fotografo-venecia\/\">\n\t\t\t\t\t\t\t\t<div class=\"mkdf-tours-destination-item-image\">\n\t\t\t\t\t\t\t\t\t<img loading=\"lazy\" decoding=\"async\" width=\"600\" height=\"525\" src=\"https:\/\/www.captourist.com\/wp-content\/uploads\/2016\/04\/VENICE.jpg\" class=\"attachment-full size-full wp-post-image\" alt=\"Vacation-photographer-book-your-photoshoot-Venice\" srcset=\"https:\/\/www.captourist.com\/wp-content\/uploads\/2016\/04\/VENICE.jpg 600w, https:\/\/www.captourist.com\/wp-content\/uploads\/2016\/04\/VENICE-300x263.jpg 300w\" sizes=\"(max-width: 600px) 100vw, 600px\" \/>\t\t\t\t\t\t\t\t<\/div>\n\n\t\t\t\t\t\t\t\t<div class=\"mkdf-tours-destination-item-content\">\n\t\t\t\t\t\t\t\t\t<div class=\"mkdf-tours-destination-item-content-inner\">\n\t\t\t\t\t\t\t\t\t\t<h3 class=\"mkdf-tours-destination-item-title\">Venecia<\/h3>\n\t\t\t\t\t\t\t\t\t<\/div>\n\t\t\t\t\t\t\t\t<\/div>\n\t\t\t\t\t\t\t<\/a>\n\t\t\t\t\t\t<\/div>\n\t\t\t\t\t<\/div>\n\t\t\t\t\t\t\t\t\t\t\t\n\t\t\t\t\t\t\t\t\t<div class=\"mkdf-grid-col-3 mkdf-grid-col-ipad-landscape-6 mkdf-grid-col-phone-landscape-12 mkdf-tours-destination-grid-item post-8143 destinations type-destinations status-publish has-post-thumbnail hentry\">\n\t\t\t\t\t\t<div class=\"mkdf-tours-destination-item-holder\">\n\t\t\t\t\t\t\t<a href=\"https:\/\/www.captourist.com\/es\/destinations\/request-a-city\/\">\n\t\t\t\t\t\t\t\t<div class=\"mkdf-tours-destination-item-image\">\n\t\t\t\t\t\t\t\t\t<img loading=\"lazy\" decoding=\"async\" width=\"600\" height=\"525\" src=\"https:\/\/www.captourist.com\/wp-content\/uploads\/2018\/09\/BOOK-A-PROFESSIONAL-PHOTOGRAPHER-WITH-CAPTOURIST.jpg\" class=\"attachment-full size-full wp-post-image\" alt=\"reserva-fotografo-local-cualquie-parte-del-mundo\" srcset=\"https:\/\/www.captourist.com\/wp-content\/uploads\/2018\/09\/BOOK-A-PROFESSIONAL-PHOTOGRAPHER-WITH-CAPTOURIST.jpg 600w, https:\/\/www.captourist.com\/wp-content\/uploads\/2018\/09\/BOOK-A-PROFESSIONAL-PHOTOGRAPHER-WITH-CAPTOURIST-300x263.jpg 300w\" sizes=\"(max-width: 600px) 100vw, 600px\" \/>\t\t\t\t\t\t\t\t<\/div>\n\n\t\t\t\t\t\t\t\t<div class=\"mkdf-tours-destination-item-content\">\n\t\t\t\t\t\t\t\t\t<div class=\"mkdf-tours-destination-item-content-inner\">\n\t\t\t\t\t\t\t\t\t\t<h3 class=\"mkdf-tours-destination-item-title\">Solicitar un destino<\/h3>\n\t\t\t\t\t\t\t\t\t<\/div>\n\t\t\t\t\t\t\t\t<\/div>\n\t\t\t\t\t\t\t<\/a>\n\t\t\t\t\t\t<\/div>\n\t\t\t\t\t<\/div>\n\t\t\t\t\t\t\t\t\t<\/div>\n\n\t\t\n\t<\/div>[\/vc_column][\/vc_row][vc_row][vc_column][\/vc_column][\/vc_row]<\/p>\n","protected":false},"excerpt":{"rendered":"<p>[vc_row][vc_column][\/vc_column][\/vc_row][vc_row][vc_column width=\u00bb1\/6&#8243;][\/vc_column][vc_column width=\u00bb2\/3&#8243;][\/vc_column][vc_column width=\u00bb1\/6&#8243;][\/vc_column][\/vc_row][vc_row][vc_column][vc_empty_space][\/vc_column][\/vc_row][vc_row][vc_column][\/vc_column][\/vc_row]<\/p>\n","protected":false},"author":1,"featured_media":0,"parent":0,"menu_order":0,"comment_status":"closed","ping_status":"closed","template":"","meta":{"footnotes":""},"class_list":["post-8451","page","type-page","status-publish","hentry"],"yoast_head":"<!-- This site is optimized with the Yoast SEO plugin v25.2 - https:\/\/yoast.com\/wordpress\/plugins\/seo\/ -->\n<title>Contrata un fot\u00f3grafo profesional para tu viaje con Captourist<\/title>\n<meta name=\"description\" content=\"Selecciona tu destino y contrata un fot\u00f3grafo profesional para tu viaje. Encuentra tu ciudad y te conectamos con un fot\u00f3grafo local.\" \/>\n<meta name=\"robots\" content=\"index, follow, max-snippet:-1, max-image-preview:large, max-video-preview:-1\" \/>\n<link rel=\"canonical\" href=\"https:\/\/www.captourist.com\/es\/destinos\/\" \/>\n<meta property=\"og:locale\" content=\"es_ES\" \/>\n<meta property=\"og:type\" content=\"article\" \/>\n<meta property=\"og:title\" content=\"Contrata un fot\u00f3grafo profesional para tu viaje con Captourist\" \/>\n<meta property=\"og:description\" content=\"Selecciona tu destino y contrata un fot\u00f3grafo profesional para tu viaje. Encuentra tu ciudad y te conectamos con un fot\u00f3grafo local.\" \/>\n<meta property=\"og:url\" content=\"https:\/\/www.captourist.com\/es\/destinos\/\" \/>\n<meta property=\"og:site_name\" content=\"Captourist\" \/>\n<meta property=\"article:publisher\" content=\"https:\/\/www.facebook.com\/captourist\/\" \/>\n<meta property=\"article:modified_time\" content=\"2019-08-03T12:47:06+00:00\" \/>\n<meta name=\"twitter:card\" content=\"summary_large_image\" \/>\n<meta name=\"twitter:site\" content=\"@captourist\" \/>\n<meta name=\"twitter:label1\" content=\"Tiempo de lectura\" \/>\n\t<meta name=\"twitter:data1\" content=\"1 minuto\" \/>\n<script type=\"application\/ld+json\" class=\"yoast-schema-graph\">{\"@context\":\"https:\/\/schema.org\",\"@graph\":[{\"@type\":\"WebPage\",\"@id\":\"https:\/\/www.captourist.com\/es\/destinos\/\",\"url\":\"https:\/\/www.captourist.com\/es\/destinos\/\",\"name\":\"Contrata un fot\u00f3grafo profesional para tu viaje con Captourist\",\"isPartOf\":{\"@id\":\"https:\/\/www.captourist.com\/#website\"},\"datePublished\":\"2016-04-20T08:53:28+00:00\",\"dateModified\":\"2019-08-03T12:47:06+00:00\",\"description\":\"Selecciona tu destino y contrata un fot\u00f3grafo profesional para tu viaje. Encuentra tu ciudad y te conectamos con un fot\u00f3grafo local.\",\"breadcrumb\":{\"@id\":\"https:\/\/www.captourist.com\/es\/destinos\/#breadcrumb\"},\"inLanguage\":\"es\",\"potentialAction\":[{\"@type\":\"ReadAction\",\"target\":[\"https:\/\/www.captourist.com\/es\/destinos\/\"]}]},{\"@type\":\"BreadcrumbList\",\"@id\":\"https:\/\/www.captourist.com\/es\/destinos\/#breadcrumb\",\"itemListElement\":[{\"@type\":\"ListItem\",\"position\":1,\"name\":\"Home\",\"item\":\"https:\/\/www.captourist.com\/es\/\"},{\"@type\":\"ListItem\",\"position\":2,\"name\":\"Destinos\"}]},{\"@type\":\"WebSite\",\"@id\":\"https:\/\/www.captourist.com\/#website\",\"url\":\"https:\/\/www.captourist.com\/\",\"name\":\"Captourist\",\"description\":\"Book a professional photographer in Europe\",\"publisher\":{\"@id\":\"https:\/\/www.captourist.com\/#organization\"},\"potentialAction\":[{\"@type\":\"SearchAction\",\"target\":{\"@type\":\"EntryPoint\",\"urlTemplate\":\"https:\/\/www.captourist.com\/?s={search_term_string}\"},\"query-input\":{\"@type\":\"PropertyValueSpecification\",\"valueRequired\":true,\"valueName\":\"search_term_string\"}}],\"inLanguage\":\"es\"},{\"@type\":\"Organization\",\"@id\":\"https:\/\/www.captourist.com\/#organization\",\"name\":\"Captourist\",\"url\":\"https:\/\/www.captourist.com\/\",\"logo\":{\"@type\":\"ImageObject\",\"inLanguage\":\"es\",\"@id\":\"https:\/\/www.captourist.com\/#\/schema\/logo\/image\/\",\"url\":\"https:\/\/www.captourist.com\/wp-content\/uploads\/2016\/04\/cropped-LOGOsite.png\",\"contentUrl\":\"https:\/\/www.captourist.com\/wp-content\/uploads\/2016\/04\/cropped-LOGOsite.png\",\"width\":512,\"height\":512,\"caption\":\"Captourist\"},\"image\":{\"@id\":\"https:\/\/www.captourist.com\/#\/schema\/logo\/image\/\"},\"sameAs\":[\"https:\/\/www.facebook.com\/captourist\/\",\"https:\/\/x.com\/captourist\",\"https:\/\/www.instagram.com\/hola.captourist\/\"]}]}<\/script>\n<!-- \/ Yoast SEO plugin. -->","yoast_head_json":{"title":"Contrata un fot\u00f3grafo profesional para tu viaje con Captourist","description":"Selecciona tu destino y contrata un fot\u00f3grafo profesional para tu viaje. Encuentra tu ciudad y te conectamos con un fot\u00f3grafo local.","robots":{"index":"index","follow":"follow","max-snippet":"max-snippet:-1","max-image-preview":"max-image-preview:large","max-video-preview":"max-video-preview:-1"},"canonical":"https:\/\/www.captourist.com\/es\/destinos\/","og_locale":"es_ES","og_type":"article","og_title":"Contrata un fot\u00f3grafo profesional para tu viaje con Captourist","og_description":"Selecciona tu destino y contrata un fot\u00f3grafo profesional para tu viaje. Encuentra tu ciudad y te conectamos con un fot\u00f3grafo local.","og_url":"https:\/\/www.captourist.com\/es\/destinos\/","og_site_name":"Captourist","article_publisher":"https:\/\/www.facebook.com\/captourist\/","article_modified_time":"2019-08-03T12:47:06+00:00","twitter_card":"summary_large_image","twitter_site":"@captourist","twitter_misc":{"Tiempo de lectura":"1 minuto"},"schema":{"@context":"https:\/\/schema.org","@graph":[{"@type":"WebPage","@id":"https:\/\/www.captourist.com\/es\/destinos\/","url":"https:\/\/www.captourist.com\/es\/destinos\/","name":"Contrata un fot\u00f3grafo profesional para tu viaje con Captourist","isPartOf":{"@id":"https:\/\/www.captourist.com\/#website"},"datePublished":"2016-04-20T08:53:28+00:00","dateModified":"2019-08-03T12:47:06+00:00","description":"Selecciona tu destino y contrata un fot\u00f3grafo profesional para tu viaje. Encuentra tu ciudad y te conectamos con un fot\u00f3grafo local.","breadcrumb":{"@id":"https:\/\/www.captourist.com\/es\/destinos\/#breadcrumb"},"inLanguage":"es","potentialAction":[{"@type":"ReadAction","target":["https:\/\/www.captourist.com\/es\/destinos\/"]}]},{"@type":"BreadcrumbList","@id":"https:\/\/www.captourist.com\/es\/destinos\/#breadcrumb","itemListElement":[{"@type":"ListItem","position":1,"name":"Home","item":"https:\/\/www.captourist.com\/es\/"},{"@type":"ListItem","position":2,"name":"Destinos"}]},{"@type":"WebSite","@id":"https:\/\/www.captourist.com\/#website","url":"https:\/\/www.captourist.com\/","name":"Captourist","description":"Book a professional photographer in Europe","publisher":{"@id":"https:\/\/www.captourist.com\/#organization"},"potentialAction":[{"@type":"SearchAction","target":{"@type":"EntryPoint","urlTemplate":"https:\/\/www.captourist.com\/?s={search_term_string}"},"query-input":{"@type":"PropertyValueSpecification","valueRequired":true,"valueName":"search_term_string"}}],"inLanguage":"es"},{"@type":"Organization","@id":"https:\/\/www.captourist.com\/#organization","name":"Captourist","url":"https:\/\/www.captourist.com\/","logo":{"@type":"ImageObject","inLanguage":"es","@id":"https:\/\/www.captourist.com\/#\/schema\/logo\/image\/","url":"https:\/\/www.captourist.com\/wp-content\/uploads\/2016\/04\/cropped-LOGOsite.png","contentUrl":"https:\/\/www.captourist.com\/wp-content\/uploads\/2016\/04\/cropped-LOGOsite.png","width":512,"height":512,"caption":"Captourist"},"image":{"@id":"https:\/\/www.captourist.com\/#\/schema\/logo\/image\/"},"sameAs":["https:\/\/www.facebook.com\/captourist\/","https:\/\/x.com\/captourist","https:\/\/www.instagram.com\/hola.captourist\/"]}]}},"_links":{"self":[{"href":"https:\/\/www.captourist.com\/es\/wp-json\/wp\/v2\/pages\/8451"}],"collection":[{"href":"https:\/\/www.captourist.com\/es\/wp-json\/wp\/v2\/pages"}],"about":[{"href":"https:\/\/www.captourist.com\/es\/wp-json\/wp\/v2\/types\/page"}],"author":[{"embeddable":true,"href":"https:\/\/www.captourist.com\/es\/wp-json\/wp\/v2\/users\/1"}],"replies":[{"embeddable":true,"href":"https:\/\/www.captourist.com\/es\/wp-json\/wp\/v2\/comments?post=8451"}],"version-history":[{"count":7,"href":"https:\/\/www.captourist.com\/es\/wp-json\/wp\/v2\/pages\/8451\/revisions"}],"predecessor-version":[{"id":8548,"href":"https:\/\/www.captourist.com\/es\/wp-json\/wp\/v2\/pages\/8451\/revisions\/8548"}],"wp:attachment":[{"href":"https:\/\/www.captourist.com\/es\/wp-json\/wp\/v2\/media?parent=8451"}],"curies":[{"name":"wp","href":"https:\/\/api.w.org\/{rel}","templated":true}]}}